{"id":1993,"date":"2025-07-21T01:04:39","date_gmt":"2025-07-21T01:04:39","guid":{"rendered":"https:\/\/nedf.pt\/?page_id=1993"},"modified":"2026-07-10T14:22:31","modified_gmt":"2026-07-10T14:22:31","slug":"plenario","status":"publish","type":"page","link":"https:\/\/nedf.pt\/index.php\/plenario\/","title":{"rendered":"Plen\u00e1rio"},"content":{"rendered":"\t\t<div data-elementor-type=\"wp-page\" data-elementor-id=\"1993\" class=\"elementor elementor-1993\" data-elementor-post-type=\"page\">\n\t\t\t\t\t\t<section class=\"elementor-section elementor-top-section elementor-element elementor-element-9da9e0c elementor-section-boxed elementor-section-height-default elementor-section-height-default\" data-id=\"9da9e0c\" data-element_type=\"section\" data-e-type=\"section\">\n\t\t\t\t\t\t<div class=\"elementor-container elementor-column-gap-default\">\n\t\t\t\t\t<div class=\"elementor-column elementor-col-100 elementor-top-column elementor-element elementor-element-f7ddba2\" data-id=\"f7ddba2\" data-element_type=\"column\" data-e-type=\"column\">\n\t\t\t<div class=\"elementor-widget-wrap elementor-element-populated\">\n\t\t\t\t\t\t<div class=\"elementor-element elementor-element-7aed4a7 elementor-widget elementor-widget-spacer\" data-id=\"7aed4a7\" data-element_type=\"widget\" data-e-type=\"widget\" data-widget_type=\"spacer.default\">\n\t\t\t\t<div class=\"elementor-widget-container\">\n\t\t\t\t\t\t\t<div class=\"elementor-spacer\">\n\t\t\t<div class=\"elementor-spacer-inner\"><\/div>\n\t\t<\/div>\n\t\t\t\t\t\t<\/div>\n\t\t\t\t<\/div>\n\t\t\t\t<div class=\"elementor-element elementor-element-76067ed elementor-widget__width-initial elementor-widget elementor-widget-heading\" data-id=\"76067ed\" data-element_type=\"widget\" data-e-type=\"widget\" data-widget_type=\"heading.default\">\n\t\t\t\t<div class=\"elementor-widget-container\">\n\t\t\t\t\t<h2 class=\"elementor-heading-title elementor-size-default\">Documentos - mesa do plen\u00e1rio 2026\/2027<\/h2>\t\t\t\t<\/div>\n\t\t\t\t<\/div>\n\t\t\t\t<div class=\"elementor-element elementor-element-d1712b9 elementor-widget elementor-widget-spacer\" data-id=\"d1712b9\" data-element_type=\"widget\" data-e-type=\"widget\" data-widget_type=\"spacer.default\">\n\t\t\t\t<div class=\"elementor-widget-container\">\n\t\t\t\t\t\t\t<div class=\"elementor-spacer\">\n\t\t\t<div class=\"elementor-spacer-inner\"><\/div>\n\t\t<\/div>\n\t\t\t\t\t\t<\/div>\n\t\t\t\t<\/div>\n\t\t\t\t<div class=\"elementor-element elementor-element-19e3f5e elementor-widget elementor-widget-accordion\" data-id=\"19e3f5e\" data-element_type=\"widget\" data-e-type=\"widget\" data-widget_type=\"accordion.default\">\n\t\t\t\t<div class=\"elementor-widget-container\">\n\t\t\t\t\t\t\t<div class=\"elementor-accordion\">\n\t\t\t\t\t\t\t<div class=\"elementor-accordion-item\">\n\t\t\t\t\t<div id=\"elementor-tab-title-2711\" class=\"elementor-tab-title\" data-tab=\"1\" role=\"button\" aria-controls=\"elementor-tab-content-2711\" aria-expanded=\"false\">\n\t\t\t\t\t\t\t\t\t\t\t\t\t<span class=\"elementor-accordion-icon elementor-accordion-icon-left\" aria-hidden=\"true\">\n\t\t\t\t\t\t\t\t\t\t\t\t\t\t\t<span class=\"elementor-accordion-icon-closed\"><i class=\"fas fa-caret-square-down\"><\/i><\/span>\n\t\t\t\t\t\t\t\t<span class=\"elementor-accordion-icon-opened\"><i class=\"fas fa-minus\"><\/i><\/span>\n\t\t\t\t\t\t\t\t\t\t\t\t\t\t<\/span>\n\t\t\t\t\t\t\t\t\t\t\t\t<a class=\"elementor-accordion-title\" tabindex=\"0\">1\u00ba Plen\u00e1rio Ordin\u00e1rio - 07 de julho de 2026<\/a>\n\t\t\t\t\t<\/div>\n\t\t\t\t\t<div id=\"elementor-tab-content-2711\" class=\"elementor-tab-content elementor-clearfix\" data-tab=\"1\" role=\"region\" aria-labelledby=\"elementor-tab-title-2711\"><ul><li><strong>Convocat\u00f3ria<\/strong> -&gt; <a href=\"https:\/\/nedf.pt\/wp-content\/uploads\/2026\/07\/Convocatoria-1o-Plenario-Ordinario.pdf\" target=\"_blank\" rel=\"noopener\">[VER]<\/a><\/li><li><strong>Ata do Plen\u00e1rio<\/strong> -&gt; Por Disponibilizar.<\/li><li><strong>Documentos Aprovados:<\/strong><ul><li>Ata do 5\u00ba Plen\u00e1rio Ordin\u00e1rio (11 de junho de 2026) -&gt; <a href=\"https:\/\/nedf.pt\/wp-content\/uploads\/2026\/06\/Ata-5-Plenario-Ordinario.pdf\" target=\"_blank\" rel=\"noopener\">[VER]<\/a><\/li><li>Plano de Atividades do NEDF\/AAC para o Mandato 2026\/2027 -&gt; <a href=\"https:\/\/nedf.pt\/wp-content\/uploads\/2026\/07\/aprovado_Plano_de_Atividades_2627.pdf\" target=\"_blank\" rel=\"noopener\">[VER]<\/a><\/li><li>Plano Or\u00e7amental Anual do NEDF\/AAC para o Mandato 2026\/2027 -&gt; <a href=\"https:\/\/nedf.pt\/wp-content\/uploads\/2026\/07\/aprovado_Plano_Orcamental_2627_corrigido2.pdf\">[VER]<\/a><\/li><li>Regulamento de Administra\u00e7\u00e3o do NEDF\/AAC -&gt; <a href=\"https:\/\/nedf.pt\/wp-content\/uploads\/2026\/07\/Regulamento_de_Administracao_2627.pdf\">[VER]<\/a><\/li><\/ul><\/li><\/ul><\/div>\n\t\t\t\t<\/div>\n\t\t\t\t\t\t\t\t<\/div>\n\t\t\t\t\t\t<\/div>\n\t\t\t\t<\/div>\n\t\t\t\t\t<\/div>\n\t\t<\/div>\n\t\t\t\t\t<\/div>\n\t\t<\/section>\n\t\t\t\t<section class=\"elementor-section elementor-top-section elementor-element elementor-element-585ec32 elementor-section-boxed elementor-section-height-default elementor-section-height-default\" data-id=\"585ec32\" data-element_type=\"section\" data-e-type=\"section\">\n\t\t\t\t\t\t<div class=\"elementor-container elementor-column-gap-default\">\n\t\t\t\t\t<div class=\"elementor-column elementor-col-100 elementor-top-column elementor-element elementor-element-bbb0e2d\" data-id=\"bbb0e2d\" data-element_type=\"column\" data-e-type=\"column\">\n\t\t\t<div class=\"elementor-widget-wrap elementor-element-populated\">\n\t\t\t\t\t\t<div class=\"elementor-element elementor-element-f42e5b5 elementor-widget elementor-widget-spacer\" data-id=\"f42e5b5\" data-element_type=\"widget\" data-e-type=\"widget\" data-widget_type=\"spacer.default\">\n\t\t\t\t<div class=\"elementor-widget-container\">\n\t\t\t\t\t\t\t<div class=\"elementor-spacer\">\n\t\t\t<div class=\"elementor-spacer-inner\"><\/div>\n\t\t<\/div>\n\t\t\t\t\t\t<\/div>\n\t\t\t\t<\/div>\n\t\t\t\t\t<\/div>\n\t\t<\/div>\n\t\t\t\t\t<\/div>\n\t\t<\/section>\n\t\t\t\t<\/div>\n\t\t","protected":false},"excerpt":{"rendered":"<p>Documentos &#8211; mesa do plen\u00e1rio 2026\/2027 1\u00ba Plen\u00e1rio Ordin\u00e1rio &#8211; 07 de julho de 2026 Convocat\u00f3ria -&gt; [VER] Ata do Plen\u00e1rio -&gt; [&hellip;]<\/p>\n","protected":false},"author":1,"featured_media":0,"parent":0,"menu_order":0,"comment_status":"closed","ping_status":"closed","template":"elementor_header_footer","meta":{"_monsterinsights_skip_tracking":false,"footnotes":""},"class_list":["post-1993","page","type-page","status-publish","hentry"],"_links":{"self":[{"href":"https:\/\/nedf.pt\/index.php\/wp-json\/wp\/v2\/pages\/1993","targetHints":{"allow":["GET"]}}],"collection":[{"href":"https:\/\/nedf.pt\/index.php\/wp-json\/wp\/v2\/pages"}],"about":[{"href":"https:\/\/nedf.pt\/index.php\/wp-json\/wp\/v2\/types\/page"}],"author":[{"embeddable":true,"href":"https:\/\/nedf.pt\/index.php\/wp-json\/wp\/v2\/users\/1"}],"replies":[{"embeddable":true,"href":"https:\/\/nedf.pt\/index.php\/wp-json\/wp\/v2\/comments?post=1993"}],"version-history":[{"count":46,"href":"https:\/\/nedf.pt\/index.php\/wp-json\/wp\/v2\/pages\/1993\/revisions"}],"predecessor-version":[{"id":4856,"href":"https:\/\/nedf.pt\/index.php\/wp-json\/wp\/v2\/pages\/1993\/revisions\/4856"}],"wp:attachment":[{"href":"https:\/\/nedf.pt\/index.php\/wp-json\/wp\/v2\/media?parent=1993"}],"curies":[{"name":"wp","href":"https:\/\/api.w.org\/{rel}","templated":true}]}}